{"id":7410,"date":"2024-06-03T13:44:49","date_gmt":"2024-06-03T13:44:49","guid":{"rendered":"https:\/\/virconlegal.com\/term\/genel-veri-koruma-tuzugu-gdpr\/"},"modified":"2025-12-03T12:58:30","modified_gmt":"2025-12-03T12:58:30","slug":"genel-veri-koruma-tuzugu-gdpr","status":"publish","type":"term","link":"https:\/\/virconlegal.com\/tr\/term\/genel-veri-koruma-tuzugu-gdpr\/","title":{"rendered":"Genel Veri Koruma T\u00fcz\u00fc\u011f\u00fc (&#8220;GDPR&#8221;)"},"content":{"rendered":"\n<h2 class=\"wp-block-heading\">GDPR Nedir?<\/h2>\n\n\n\n<p><strong>Genel Veri Koruma T\u00fcz\u00fc\u011f\u00fc (GDPR)<\/strong>, 25 May\u0131s 2018 tarihinde <strong>Avrupa Birli\u011fi (AB)<\/strong> kapsam\u0131nda y\u00fcr\u00fcrl\u00fc\u011fe giren kapsaml\u0131 bir veri koruma yasas\u0131d\u0131r. Bireylere ki\u015fisel verileri \u00fczerinde daha fazla kontrol sa\u011flamak ve AB \u00fcye \u00fclkeleri aras\u0131nda veri koruma yasalar\u0131n\u0131 uyumlu hale getirmek amac\u0131yla haz\u0131rlanm\u0131\u015ft\u0131r. <\/p>\n\n\n\n<p>Genel Veri Koruma T\u00fcz\u00fc\u011f\u00fc (GDPR), 95\/46\/EC Direktifi\u2019nin yerini alarak Avrupa Birli\u011fi (AB) genelinde veri koruma yasalar\u0131n\u0131 g\u00fc\u00e7lendirmi\u015f ve birle\u015ftirmi\u015ftir. 95\/46\/EC Direktifi temel veri koruma ilkelerini belirlerken, GDPR bu d\u00fczenlemeleri modernize ederek bireylere daha g\u00fc\u00e7l\u00fc haklar ve daha s\u0131k\u0131 yapt\u0131r\u0131m mekanizmalar\u0131 sunar. GDPR, g\u00fcn\u00fcm\u00fcz dijital d\u00fcnyas\u0131n\u0131n zorluklar\u0131na yan\u0131t vererek t\u00fcm AB \u00fcye \u00fclkelerinde do\u011frudan uygulanabilir, tutarl\u0131 ve sa\u011flam bir \u00e7er\u00e7eve sa\u011flar; b\u00f6ylece direktifin ulusal uygulamalar\u0131ndan kaynaklanan tutars\u0131zl\u0131klar ve par\u00e7alanm\u0131\u015fl\u0131k giderilmi\u015f olur.  <\/p>\n\n\n\n<h2 class=\"wp-block-heading\">GDPR&#8217;\u0131n Kapsam\u0131<\/h2>\n\n\n\n<p>Genel Veri Koruma T\u00fcz\u00fc\u011f\u00fc (GDPR), ki\u015fisel verilerin tamamen veya k\u0131smen otomatik yollarla i\u015flenmesine ve ayn\u0131 zamanda bir dosyalama sisteminin par\u00e7as\u0131 olan otomatik olmayan ki\u015fisel veri i\u015fleme faaliyetlerine uygulan\u0131r. Y\u00f6netmelik, Birlik hukukunun kapsam\u0131ndaki faaliyetleri kapsar ve ki\u015fisel veya ev i\u00e7i kullan\u0131m ba\u011flam\u0131nda ger\u00e7ekle\u015ftirilen i\u015flemler, \u00dcye Devletler taraf\u0131ndan belirli faaliyetler i\u00e7in yap\u0131lan i\u015flemler ile yetkili makamlarca y\u00fcr\u00fct\u00fclen adli ve kolluk ama\u00e7l\u0131 i\u015flemler i\u00e7in istisnalar \u00f6ng\u00f6r\u00fcr. <\/p>\n\n\n\n<p><strong>GDPR,<\/strong> geni\u015f bir co\u011frafi kapsam\u0131na sahiptir ve ki\u015fisel veri i\u015fleyen AB i\u00e7indeki t\u00fcm kurulu\u015flara uygulan\u0131r. Ayr\u0131ca, AB d\u0131\u015f\u0131ndaki kurulu\u015flar da, AB i\u00e7indeki bireylere mal veya hizmet sunuyorsa veya bireylerin davran\u0131\u015flar\u0131n\u0131 izliyorsa bu d\u00fczenlemenin kapsam\u0131na girer. Bu sayede, veri i\u015fleyen kurulu\u015fun nerede bulundu\u011funa bak\u0131lmaks\u0131z\u0131n, y\u00f6netmelik AB\u2019deki bireylerin ki\u015fisel verilerini korur.  <\/p>\n\n\n\n<h2 class=\"wp-block-heading\">GDPR Kapsam\u0131ndaki Temel Y\u00fck\u00fcml\u00fcl\u00fckler<\/h2>\n\n\n\n<p>Genel Veri Koruma T\u00fcz\u00fc\u011f\u00fc (GDPR) kapsam\u0131ndaki temel y\u00fck\u00fcml\u00fcl\u00fckler \u015funlar\u0131 i\u00e7erir, ancak bunlarla s\u0131n\u0131rl\u0131 de\u011fildir:<\/p>\n\n\n\n<ul class=\"wp-block-list\">\n<li>Veri i\u015fleme i\u00e7in yasal bir dayanak olu\u015fturmak.<\/li>\n\n\n\n<li>Veri i\u015fleme s\u00fcre\u00e7lerinde \u015feffafl\u0131k ve adil uygulamalar\u0131n sa\u011flanmas\u0131.<\/li>\n\n\n\n<li>Ki\u015fisel veri sahiplerinin haklar\u0131na sayg\u0131 g\u00f6stermek ve bu haklar\u0131n kullan\u0131lmas\u0131n\u0131 kolayla\u015ft\u0131rmak.<\/li>\n\n\n\n<li>Uygun veri g\u00fcvenli\u011fi \u00f6nlemlerini uygulamak.<\/li>\n\n\n\n<li>Veri Koruma Etki De\u011ferlendirmeleri (DPIA) yapmak.<\/li>\n\n\n\n<li>Veri ihlallerini yetkili mercilere ve ilgili ki\u015filere bildirmek.<\/li>\n\n\n\n<li>Gerekti\u011finde bir <a href=\"https:\/\/virconlegal.com\/tr\/term\/veri-koruma-gorevlisi-dpo\/\">Veri Koruma G\u00f6revlisi (DPO)<\/a> atamak.<\/li>\n\n\n\n<li>Sorumlulu\u011fu sa\u011flamak ve kapsaml\u0131 kay\u0131t tutmak.<\/li>\n\n\n\n<li>Uluslararas\u0131 veri aktar\u0131m\u0131 i\u00e7in yeterli korumay\u0131 sa\u011flamak.<\/li>\n\n\n\n<li>Ge\u00e7erli <a href=\"https:\/\/virconlegal.com\/tr\/term\/consent\/\">r\u0131zalar\u0131<\/a> y\u00f6netmek ve almak.<\/li>\n\n\n\n<li>Veri sahiplerini ki\u015fisel verilerinin i\u015flenmesi hakk\u0131nda GDPR Madde 14\u2019te belirtildi\u011fi \u015fekilde bilgilendirmek.<\/li>\n<\/ul>\n\n\n\n<h2 class=\"wp-block-heading\">GDPR Neden \u00d6nemli: <\/h2>\n\n\n\n<ul class=\"wp-block-list\">\n<li><strong>Geli\u015ftirilmi\u015f Gizlilik Haklar\u0131:<\/strong> GDPR, AB vatanda\u015flar\u0131na ki\u015fisel verileri \u00fczerinde daha fazla kontrol sa\u011flar. Bu haklar aras\u0131nda verilere eri\u015fim, d\u00fczeltme, silme ve i\u015fleme s\u0131n\u0131rlama haklar\u0131 yer al\u0131r. <\/li>\n\n\n\n<li>Veri Koruma Yasalar\u0131n\u0131n Uyumlula\u015ft\u0131r\u0131lmas\u0131: GDPR, AB genelinde gizlilik yasalar\u0131n\u0131 standartla\u015ft\u0131rarak i\u015fletmeler i\u00e7in d\u00fczenleyici ortam\u0131 basitle\u015ftirir.<\/li>\n\n\n\n<li>Artan G\u00fcven: GDPR, g\u00fc\u00e7l\u00fc veri koruma uygulamalar\u0131n\u0131 g\u00fcvence alt\u0131na alarak i\u015fletmeler ile t\u00fcketiciler aras\u0131nda g\u00fcven olu\u015fmas\u0131na yard\u0131mc\u0131 olur.<\/li>\n\n\n\n<li>Uyumsuzlukta A\u011f\u0131r Cezalar: Kurulu\u015flar, y\u0131ll\u0131k k\u00fcresel cirolar\u0131n\u0131n %4\u2019\u00fcne kadar veya 20 milyon \u20ac\u2019ya kadar y\u00fcksek para cezalar\u0131yla kar\u015f\u0131 kar\u015f\u0131ya kalabilir.<\/li>\n<\/ul>\n\n\n\n<h2 class=\"wp-block-heading\">Sonu\u00e7<\/h2>\n\n\n\n<p>Genel Veri Koruma T\u00fcz\u00fc\u011f\u00fc (GDPR), d\u00fcnya genelinde verilerin nas\u0131l i\u015flendi\u011fini derinden etkilemi\u015f olup, gizlilik, g\u00fcvenlik ve \u015feffafl\u0131\u011f\u0131 \u00f6n plana \u00e7\u0131karmaktad\u0131r. \u0130\u015fletmeler i\u00e7in GDPR uyumu, ki\u015fisel verileri korumak ve m\u00fc\u015fterilerle g\u00fcven ili\u015fkisini s\u00fcrd\u00fcrmek a\u00e7\u0131s\u0131ndan kritik \u00f6neme sahiptir. <\/p>\n","protected":false},"excerpt":{"rendered":"<p>GDPR Nedir? Genel Veri Koruma T\u00fcz\u00fc\u011f\u00fc (GDPR), 25 May\u0131s 2018 tarihinde Avrupa Birli\u011fi (AB) kapsam\u0131nda y\u00fcr\u00fcrl\u00fc\u011fe giren kapsaml\u0131 bir veri koruma yasas\u0131d\u0131r. Bireylere ki\u015fisel verileri \u00fczerinde daha fazla kontrol sa\u011flamak ve AB \u00fcye \u00fclkeleri aras\u0131nda veri koruma yasalar\u0131n\u0131 uyumlu hale getirmek amac\u0131yla haz\u0131rlanm\u0131\u015ft\u0131r. Genel Veri Koruma T\u00fcz\u00fc\u011f\u00fc (GDPR), 95\/46\/EC Direktifi\u2019nin yerini alarak Avrupa Birli\u011fi (AB) [&hellip;]<\/p>\n","protected":false},"author":1,"featured_media":7411,"menu_order":0,"comment_status":"closed","ping_status":"open","template":"","format":"standard","meta":{"footnotes":""},"categories":[142],"class_list":["post-7410","term","type-term","status-publish","format-standard","has-post-thumbnail","hentry","category-data-protection-tr"],"_links":{"self":[{"href":"https:\/\/virconlegal.com\/tr\/wp-json\/wp\/v2\/term\/7410","targetHints":{"allow":["GET"]}}],"collection":[{"href":"https:\/\/virconlegal.com\/tr\/wp-json\/wp\/v2\/term"}],"about":[{"href":"https:\/\/virconlegal.com\/tr\/wp-json\/wp\/v2\/types\/term"}],"author":[{"embeddable":true,"href":"https:\/\/virconlegal.com\/tr\/wp-json\/wp\/v2\/users\/1"}],"replies":[{"embeddable":true,"href":"https:\/\/virconlegal.com\/tr\/wp-json\/wp\/v2\/comments?post=7410"}],"version-history":[{"count":1,"href":"https:\/\/virconlegal.com\/tr\/wp-json\/wp\/v2\/term\/7410\/revisions"}],"predecessor-version":[{"id":7449,"href":"https:\/\/virconlegal.com\/tr\/wp-json\/wp\/v2\/term\/7410\/revisions\/7449"}],"wp:featuredmedia":[{"embeddable":true,"href":"https:\/\/virconlegal.com\/tr\/wp-json\/wp\/v2\/media\/7411"}],"wp:attachment":[{"href":"https:\/\/virconlegal.com\/tr\/wp-json\/wp\/v2\/media?parent=7410"}],"wp:term":[{"taxonomy":"category","embeddable":true,"href":"https:\/\/virconlegal.com\/tr\/wp-json\/wp\/v2\/categories?post=7410"}],"curies":[{"name":"wp","href":"https:\/\/api.w.org\/{rel}","templated":true}]}}