{"id":7360,"date":"2024-06-09T11:38:17","date_gmt":"2024-06-09T11:38:17","guid":{"rendered":"https:\/\/virconlegal.com\/term\/kilit-personel\/"},"modified":"2025-12-03T13:27:04","modified_gmt":"2025-12-03T13:27:04","slug":"kilit-personel","status":"publish","type":"term","link":"https:\/\/virconlegal.com\/tr\/term\/kilit-personel\/","title":{"rendered":"Kilit Personel"},"content":{"rendered":"\n<p>Kilit personel, becerileri, uzmanl\u0131klar\u0131 ve faaliyetleri giri\u015fimin ba\u015far\u0131s\u0131 a\u00e7\u0131s\u0131ndan kritik \u00f6nem ta\u015f\u0131yan \u00e7al\u0131\u015fanlar\u0131 veya ekip \u00fcyelerini ifade eder. Bu ki\u015filer \u00e7o\u011fu zaman \u00fcr\u00fcn geli\u015ftirme, \u015firket k\u00fclt\u00fcr\u00fc ve i\u015fin b\u00fcy\u00fcmesi \u00fczerinde etkili, stratejik pozisyonlarda g\u00f6rev al\u0131rlar. <\/p>\n\n\n<div class=\"wp-block-image\">\n<figure class=\"aligncenter size-large is-resized\"><img fetchpriority=\"high\" decoding=\"async\" width=\"1024\" height=\"1024\" src=\"https:\/\/virconlegal.com\/wp-content\/uploads\/2024\/06\/Adsiz-tasarim-3-1024x1024.jpg\" alt=\"\" class=\"wp-image-6835\" style=\"width:573px;height:auto\" srcset=\"https:\/\/virconlegal.com\/wp-content\/uploads\/2024\/06\/Adsiz-tasarim-3-1024x1024.jpg 1024w, https:\/\/virconlegal.com\/wp-content\/uploads\/2024\/06\/Adsiz-tasarim-3-300x300.jpg 300w, https:\/\/virconlegal.com\/wp-content\/uploads\/2024\/06\/Adsiz-tasarim-3-150x150.jpg 150w, https:\/\/virconlegal.com\/wp-content\/uploads\/2024\/06\/Adsiz-tasarim-3-768x768.jpg 768w, https:\/\/virconlegal.com\/wp-content\/uploads\/2024\/06\/Adsiz-tasarim-3.jpg 1080w\" sizes=\"(max-width: 1024px) 100vw, 1024px\" \/><\/figure>\n<\/div>\n\n\n<ol class=\"wp-block-list\"><\/ol>\n\n\n\n<h2 class=\"wp-block-heading\"><strong>Kilit Personel nedir?<\/strong><\/h2>\n\n\n\n<p>Start-up\u2019lar ba\u011flam\u0131nda kilit personel, \u015firketin faaliyetleri ve gelecekteki b\u00fcy\u00fcmesi a\u00e7\u0131s\u0131ndan rol\u00fc hayati \u00f6nem ta\u015f\u0131yan ki\u015fileri ifade eder. Bu gruba genellikle kurucular, C-level y\u00f6neticiler ile ba\u015f m\u00fchendisler veya pazarlama direkt\u00f6rleri gibi di\u011fer \u00f6nemli liderler d\u00e2hil edilir. <\/p>\n\n\n\n<h2 class=\"wp-block-heading\">\u00d6nemi<\/h2>\n\n\n\n<p>Bu ki\u015filer, start-up b\u00fcnyesinde stratejik vizyonu, operasyonel verimlili\u011fi ve inovasyonu ileriye ta\u015f\u0131yan isimlerdir. Uzmanl\u0131klar\u0131 ve liderlik becerileri, erken a\u015fama giri\u015fimlere \u00f6zg\u00fc zorluklar\u0131n a\u015f\u0131lmas\u0131 ve i\u015f hedeflerinin (kilit kilometre ta\u015flar\u0131n\u0131n) ger\u00e7ekle\u015ftirilmesi a\u00e7\u0131s\u0131ndan hayati \u00f6nem ta\u015f\u0131r. <\/p>\n\n\n\n<h2 class=\"wp-block-heading\"><strong>Kilit personeli tan\u0131mlama:<\/strong><\/h2>\n\n\n\n<p>Bu ki\u015filer, uzmanl\u0131k alanlar\u0131, \u015firket i\u00e7erisindeki sorumluluklar\u0131 ve \u015firketin b\u00fcy\u00fcmesi \u00fczerindeki potansiyel etkileri dikkate al\u0131narak belirlenir. \u00c7o\u011fu zaman, \u015firketin temel fonksiyonlar\u0131 a\u00e7\u0131s\u0131ndan kritik \u00f6neme sahip, benzersiz becerilere veya paha bi\u00e7ilmez sekt\u00f6r tecr\u00fcbesine sahip olurlar. <\/p>\n\n\n\n<h2 class=\"wp-block-heading\"><strong>Startuplarda Kilit Personeller ile ilgili Zorluklar:<\/strong><\/h2>\n\n\n\n<ul class=\"wp-block-list\">\n<li>\u0130\u015fe Al\u0131m: \u00dcst d\u00fczey yetenekleri cezbetmek ve onlar\u0131 riskli bir yeni giri\u015fime kat\u0131lmaya ikna etmek.<\/li>\n\n\n\n<li>Elde Tutma: \u00d6zellikle rekabet\u00e7i i\u015f tekliflerinin yayg\u0131n oldu\u011fu ortamlarda, kilit personelin motive ve giri\u015fime ba\u011fl\u0131 kalmas\u0131n\u0131 sa\u011flamak.<\/li>\n\n\n\n<li>Ba\u011f\u0131ml\u0131l\u0131k: Belirli ki\u015filere a\u015f\u0131r\u0131 \u00f6l\u00e7\u00fcde ba\u011f\u0131ml\u0131 olunmas\u0131, halefiyet (ard\u0131l) planlar\u0131n\u0131n bulunmamas\u0131 h\u00e2linde ciddi riskler do\u011furabilir.<\/li>\n<\/ul>\n\n\n\n<h2 class=\"wp-block-heading\"><strong>Stratejik Geli\u015fim:<\/strong><\/h2>\n\n\n\n<p>Kilit personelin geli\u015ftirilmesi; s\u00fcrekli e\u011fitim ve mesleki geli\u015fimi, ayr\u0131ca ki\u015fisel kariyer hedeflerinin \u015firketin hedefleriyle uyumlu h\u00e2le getirilmesini i\u00e7erir. Liderlik geli\u015fiminin ve fonksiyonlar aras\u0131 uzmanl\u0131\u011f\u0131n te\u015fvik edilmesi ise, giri\u015fimin herhangi bir ki\u015fiye a\u015f\u0131r\u0131 ba\u011f\u0131ml\u0131 h\u00e2le gelmesine kar\u015f\u0131 da koruma sa\u011flayabilir. <\/p>\n\n\n\n<h2 class=\"wp-block-heading\"><strong>Startup&#8217;a Etkisi:<\/strong><\/h2>\n\n\n\n<p>Bu ki\u015filer, verimli bir \u015firket k\u00fclt\u00fcr\u00fc olu\u015fturarak, inovasyonu te\u015fvik ederek ve \u00f6l\u00e7eklenebilir b\u00fcy\u00fcme i\u00e7in g\u00fc\u00e7l\u00fc bir temel in\u015fa ederek bir start-up\u2019\u0131n gidi\u015fat\u0131n\u0131 \u00f6nemli \u00f6l\u00e7\u00fcde etkileyebilirler. Ald\u0131klar\u0131 kararlar, operasyonel i\u015f ak\u0131\u015f\u0131ndan i\u015f modelinde yap\u0131lacak stratejik y\u00f6n de\u011fi\u015fikliklerine (pivotlara) kadar i\u015fin t\u00fcm y\u00f6nleri \u00fczerinde etkili olabilmektedir. <\/p>\n\n\n\n<h2 class=\"wp-block-heading\"><strong>Sonu\u00e7:<\/strong><\/h2>\n\n\n\n<p>Bu ki\u015filer yaln\u0131zca \u00e7al\u0131\u015fanlardan ibaret de\u011fildir; bir start-up\u2019\u0131n yap\u0131s\u0131n\u0131n ve k\u00fclt\u00fcr\u00fcn\u00fcn temel dayanaklar\u0131d\u0131r. Katk\u0131lar\u0131, \u00e7o\u011fu zaman giri\u015fimin inovasyon yapabilme, rekabet edebilme ve yo\u011fun rekabet ortamlar\u0131nda varl\u0131\u011f\u0131n\u0131 s\u00fcrd\u00fcr\u00fcp geli\u015febilme kapasitesiyle do\u011frudan ili\u015fkilidir. Kilit personelin geli\u015fimini, memnuniyetini ve start-up\u2019\u0131n hedefleriyle uyumunu sa\u011flamak, s\u00fcrd\u00fcr\u00fclebilir ba\u015far\u0131 i\u00e7in hayati \u00f6nem ta\u015f\u0131maktad\u0131r.  <\/p>\n","protected":false},"excerpt":{"rendered":"<p>Kilit personel, becerileri, uzmanl\u0131klar\u0131 ve faaliyetleri giri\u015fimin ba\u015far\u0131s\u0131 a\u00e7\u0131s\u0131ndan kritik \u00f6nem ta\u015f\u0131yan \u00e7al\u0131\u015fanlar\u0131 veya ekip \u00fcyelerini ifade eder. Bu ki\u015filer \u00e7o\u011fu zaman \u00fcr\u00fcn geli\u015ftirme, \u015firket k\u00fclt\u00fcr\u00fc ve i\u015fin b\u00fcy\u00fcmesi \u00fczerinde etkili, stratejik pozisyonlarda g\u00f6rev al\u0131rlar. Kilit Personel nedir? Start-up\u2019lar ba\u011flam\u0131nda kilit personel, \u015firketin faaliyetleri ve gelecekteki b\u00fcy\u00fcmesi a\u00e7\u0131s\u0131ndan rol\u00fc hayati \u00f6nem ta\u015f\u0131yan ki\u015fileri ifade eder. [&hellip;]<\/p>\n","protected":false},"author":1,"featured_media":0,"menu_order":0,"comment_status":"closed","ping_status":"open","template":"","format":"standard","meta":{"footnotes":""},"categories":[129],"class_list":["post-7360","term","type-term","status-publish","format-standard","hentry","category-corporate-tr"],"_links":{"self":[{"href":"https:\/\/virconlegal.com\/tr\/wp-json\/wp\/v2\/term\/7360","targetHints":{"allow":["GET"]}}],"collection":[{"href":"https:\/\/virconlegal.com\/tr\/wp-json\/wp\/v2\/term"}],"about":[{"href":"https:\/\/virconlegal.com\/tr\/wp-json\/wp\/v2\/types\/term"}],"author":[{"embeddable":true,"href":"https:\/\/virconlegal.com\/tr\/wp-json\/wp\/v2\/users\/1"}],"replies":[{"embeddable":true,"href":"https:\/\/virconlegal.com\/tr\/wp-json\/wp\/v2\/comments?post=7360"}],"version-history":[{"count":2,"href":"https:\/\/virconlegal.com\/tr\/wp-json\/wp\/v2\/term\/7360\/revisions"}],"predecessor-version":[{"id":7480,"href":"https:\/\/virconlegal.com\/tr\/wp-json\/wp\/v2\/term\/7360\/revisions\/7480"}],"wp:attachment":[{"href":"https:\/\/virconlegal.com\/tr\/wp-json\/wp\/v2\/media?parent=7360"}],"wp:term":[{"taxonomy":"category","embeddable":true,"href":"https:\/\/virconlegal.com\/tr\/wp-json\/wp\/v2\/categories?post=7360"}],"curies":[{"name":"wp","href":"https:\/\/api.w.org\/{rel}","templated":true}]}}