{"id":7071,"date":"2024-05-15T06:31:02","date_gmt":"2024-05-15T06:31:02","guid":{"rendered":"https:\/\/virconlegal.com\/term\/consent\/"},"modified":"2025-12-03T13:08:33","modified_gmt":"2025-12-03T13:08:33","slug":"consent","status":"publish","type":"term","link":"https:\/\/virconlegal.com\/tr\/term\/consent\/","title":{"rendered":"A\u00e7\u0131k R\u0131za"},"content":{"rendered":"<h1>A\u00e7\u0131k R\u0131za Nedir?<\/h1>\n<p><img class=\"alignright\"><\/p>\n\n\n<p><a href=\"https:\/\/virconlegal.com\/tr\/term\/genel-veri-koruma-tuzugu-gdpr\/\">Genel Veri Koruma T\u00fcz\u00fc\u011f\u00fc (GDPR) <\/a>kapsam\u0131nda tan\u0131mland\u0131\u011f\u0131 \u00fczere, a\u00e7\u0131k r\u0131za ki\u015fisel verilerin i\u015flenmesi i\u00e7in bir hukuki dayakt\u0131r. Bu, ki\u015filerin ki\u015fisel verilerinin belirli ama\u00e7larla i\u015flenmesine a\u00e7\u0131k, belirli ve bilgilendirilmi\u015f bir \u015fekilde onay vermesi gerekti\u011fi anlam\u0131na gelir. Bu r\u0131za, kasten ve olumlu bir irade beyan\u0131yla verilmelidir; \u00f6rne\u011fin bir kutunun i\u015faretlenmesi, bir butona t\u0131klanmas\u0131 veya bir formun imzalanmas\u0131 gibi.   <\/p>\n\n\n\n<h3 class=\"wp-block-heading\">GDPR kapsam\u0131nda ge\u00e7erli say\u0131labilmesi i\u00e7in, a\u00e7\u0131k r\u0131zan\u0131n birka\u00e7 kriteri kar\u015f\u0131lamas\u0131 gerekir.<\/h3>\n\n\n\n<ul class=\"wp-block-list\">\n<li><strong>\u00d6zg\u00fcrce Verilmi\u015f: <\/strong>Veri sorumlusu taraf\u0131ndan herhangi bir zorlama veya bask\u0131 olmaks\u0131z\u0131n, tamamen g\u00f6n\u00fcll\u00fc \u015fekilde verilmi\u015f olmal\u0131d\u0131r.<\/li>\n\n\n\n<li>Belirli: Ki\u015filer, verilerinin hangi \u00f6zel ama\u00e7lar i\u00e7in i\u015flenece\u011fi konusunda bilgilendirilmi\u015f olmal\u0131d\u0131r.<\/li>\n\n\n\n<li>Ayd\u0131nlat\u0131lm\u0131\u015f: Ki\u015filere ki\u015fisel verilerinin i\u015flenmesine ili\u015fkin a\u00e7\u0131k ve anla\u015f\u0131l\u0131r bilgiler sa\u011flanmal\u0131d\u0131r. Bu bilgiler; veri sorumlusunun kimli\u011fini, i\u015fleme ama\u00e7lar\u0131n\u0131, verilerin aktar\u0131laca\u011f\u0131 \u00fc\u00e7\u00fcnc\u00fc taraflar\u0131 ve ilgili ki\u015filerin haklar\u0131n\u0131 i\u00e7ermelidir. <\/li>\n\n\n\n<li><strong>A\u00e7\u0131k bir irade beyan\u0131: <\/strong>Teredd\u00fcde veya yanl\u0131\u015f yoruma yer b\u0131rakmayacak \u015fekilde, a\u00e7\u0131k ve olumlu bir eylemle verilmi\u015f olmal\u0131d\u0131r.<\/li>\n\n\n\n<li>Kolayca Geri Al\u0131nabilir: Bireyler, verdikleri r\u0131zay\u0131 istedikleri zaman geri \u00e7ekebilmelidir. Ayr\u0131ca, r\u0131zay\u0131 geri \u00e7ekme s\u00fcreci, r\u0131za verme s\u00fcreci kadar basit olmal\u0131d\u0131r. <\/li>\n<\/ul>\n\n\n\n<p>GDPR kapsam\u0131nda sa\u011flanan y\u00fcksek koruma seviyesi nedeniyle, r\u0131za, bireylerin en hassas bilgileri \u00fczerinde tam kontrol sahibi olmalar\u0131n\u0131 sa\u011flayan kritik bir g\u00fcvence unsurudur. Buna <a href=\"https:\/\/virconlegal.com\/tr\/term\/saglik-verisi\/\">sa\u011fl\u0131k bilgileri,<\/a> \u0131rk veya etnik k\u00f6ken, dini inan\u00e7lar, siyasi g\u00f6r\u00fc\u015fler, genetik veriler ve biyometrik veriler dahildir. <\/p>\n\n\n\n<figure class=\"wp-block-image size-full\"><img fetchpriority=\"high\" decoding=\"async\" width=\"1024\" height=\"1024\" src=\"https:\/\/virconlegal.com\/wp-content\/uploads\/2024\/05\/explicit_consent.jpg\" alt=\"\" class=\"wp-image-6509\" srcset=\"https:\/\/virconlegal.com\/wp-content\/uploads\/2024\/05\/explicit_consent.jpg 1024w, https:\/\/virconlegal.com\/wp-content\/uploads\/2024\/05\/explicit_consent-300x300.jpg 300w, https:\/\/virconlegal.com\/wp-content\/uploads\/2024\/05\/explicit_consent-150x150.jpg 150w, https:\/\/virconlegal.com\/wp-content\/uploads\/2024\/05\/explicit_consent-768x768.jpg 768w\" sizes=\"(max-width: 1024px) 100vw, 1024px\" \/><\/figure>\n\n\n\n<h2 class=\"wp-block-heading\">Ne Zaman A\u00e7\u0131k R\u0131za Gerekir?<\/h2>\n\n\n\n<p>Genel Veri Koruma T\u00fcz\u00fc\u011f\u00fc (GDPR) kapsam\u0131nda, hassas ki\u015fisel verilerin i\u015flenmesi veya bireylerin hak ve \u00f6zg\u00fcrl\u00fckleri \u00fczerinde y\u00fcksek risk bulunmas\u0131 durumunda r\u0131za gereklidir. Buna sa\u011fl\u0131k bilgileri, \u0131rk veya etnik k\u00f6ken, dini inan\u00e7lar, siyasi g\u00f6r\u00fc\u015fler, genetik veriler ve biyometrik veriler gibi \u00f6zel veri kategorileri dahildir. <\/p>\n\n\n\n<p>Avrupa Ekonomik Alan\u0131 (EEA) d\u0131\u015f\u0131ndaki ve Avrupa Komisyonu taraf\u0131ndan yeterlilik karar\u0131 bulunmayan \u00fclkelere yap\u0131lan s\u0131n\u0131r \u00f6tesi veri aktar\u0131m\u0131 durumlar\u0131nda da r\u0131za gereklidir. Bu durumlarda, bireyler ki\u015fisel verilerinin aktar\u0131lmas\u0131na a\u00e7\u0131k ve net bir \u015fekilde onay vermeli; b\u00f6ylece bilgileri ve ilgili riskler \u00fczerinde tam kontrole sahip olduklar\u0131ndan emin olunmal\u0131d\u0131r. <\/p>\n","protected":false},"excerpt":{"rendered":"<p>A\u00e7\u0131k R\u0131za Nedir? Genel Veri Koruma T\u00fcz\u00fc\u011f\u00fc (GDPR) kapsam\u0131nda tan\u0131mland\u0131\u011f\u0131 \u00fczere, a\u00e7\u0131k r\u0131za ki\u015fisel verilerin i\u015flenmesi i\u00e7in bir hukuki dayakt\u0131r. Bu, ki\u015filerin ki\u015fisel verilerinin belirli ama\u00e7larla i\u015flenmesine a\u00e7\u0131k, belirli ve bilgilendirilmi\u015f bir \u015fekilde onay vermesi gerekti\u011fi anlam\u0131na gelir. Bu r\u0131za, kasten ve olumlu bir irade beyan\u0131yla verilmelidir; \u00f6rne\u011fin bir kutunun i\u015faretlenmesi, bir butona t\u0131klanmas\u0131 veya [&hellip;]<\/p>\n","protected":false},"author":1,"featured_media":7072,"menu_order":0,"comment_status":"closed","ping_status":"open","template":"","format":"standard","meta":{"footnotes":""},"categories":[142],"class_list":["post-7071","term","type-term","status-publish","format-standard","has-post-thumbnail","hentry","category-data-protection-tr"],"_links":{"self":[{"href":"https:\/\/virconlegal.com\/tr\/wp-json\/wp\/v2\/term\/7071","targetHints":{"allow":["GET"]}}],"collection":[{"href":"https:\/\/virconlegal.com\/tr\/wp-json\/wp\/v2\/term"}],"about":[{"href":"https:\/\/virconlegal.com\/tr\/wp-json\/wp\/v2\/types\/term"}],"author":[{"embeddable":true,"href":"https:\/\/virconlegal.com\/tr\/wp-json\/wp\/v2\/users\/1"}],"replies":[{"embeddable":true,"href":"https:\/\/virconlegal.com\/tr\/wp-json\/wp\/v2\/comments?post=7071"}],"version-history":[{"count":1,"href":"https:\/\/virconlegal.com\/tr\/wp-json\/wp\/v2\/term\/7071\/revisions"}],"predecessor-version":[{"id":7416,"href":"https:\/\/virconlegal.com\/tr\/wp-json\/wp\/v2\/term\/7071\/revisions\/7416"}],"wp:featuredmedia":[{"embeddable":true,"href":"https:\/\/virconlegal.com\/tr\/wp-json\/wp\/v2\/media\/7072"}],"wp:attachment":[{"href":"https:\/\/virconlegal.com\/tr\/wp-json\/wp\/v2\/media?parent=7071"}],"wp:term":[{"taxonomy":"category","embeddable":true,"href":"https:\/\/virconlegal.com\/tr\/wp-json\/wp\/v2\/categories?post=7071"}],"curies":[{"name":"wp","href":"https:\/\/api.w.org\/{rel}","templated":true}]}}